{"id":1486,"date":"2025-01-17T09:38:45","date_gmt":"2025-01-17T08:38:45","guid":{"rendered":"https:\/\/mastertechq.lpl.univ-paris13.fr\/?page_id=1486"},"modified":"2025-02-04T21:52:28","modified_gmt":"2025-02-04T20:52:28","slug":"anne-amy-klein-fr","status":"publish","type":"page","link":"https:\/\/mastertechq.lpl.univ-paris13.fr\/?page_id=1486","title":{"rendered":"Anne Amy-Klein &#8211; fr"},"content":{"rendered":"\n<div id=\"wp-block-themeisle-blocks-advanced-columns-07f9e39b\" class=\"wp-block-themeisle-blocks-advanced-columns alignfull has-1-columns has-desktop-equal-layout has-tablet-equal-layout has-mobile-collapsedRows-layout has-vertical-center ticss-c00aadba\"><div class=\"wp-block-themeisle-blocks-advanced-columns-overlay\"><\/div><div class=\"innerblocks-wrap\">\n<div id=\"wp-block-themeisle-blocks-advanced-column-9bce96d7\" class=\"wp-block-themeisle-blocks-advanced-column\">\n<div id=\"wp-block-themeisle-blocks-advanced-columns-aeb872df\" class=\"wp-block-themeisle-blocks-advanced-columns has-2-columns has-desktop-oneTwo-layout has-tablet-equal-layout has-mobile-collapsedRows-layout has-vertical-unset\"><div class=\"wp-block-themeisle-blocks-advanced-columns-overlay\"><\/div><div class=\"innerblocks-wrap\">\n<div id=\"wp-block-themeisle-blocks-advanced-column-04b60404\" class=\"wp-block-themeisle-blocks-advanced-column\">\n<div class=\"wp-block-group is-vertical is-content-justification-center is-layout-flex wp-container-core-group-is-layout-b6c1f246 wp-block-group-is-layout-flex\">\n<figure class=\"wp-block-image aligncenter size-full is-resized has-custom-border is-style-default wp-duotone-unset-1\" id=\"wp-block-themeisle-blocks-image-946e8ae0\"><img decoding=\"async\" width=\"1706\" height=\"2560\" src=\"https:\/\/mastertechq.lpl.univ-paris13.fr\/wp-content\/uploads\/2025\/01\/Profil-Anne-Amy-Klein-scaled-e1737103244145.jpg\" alt=\"\" class=\"wp-image-1488\" style=\"border-radius:20px;width:240px;height:auto\" srcset=\"https:\/\/mastertechq.lpl.univ-paris13.fr\/wp-content\/uploads\/2025\/01\/Profil-Anne-Amy-Klein-scaled-e1737103244145.jpg 1706w, https:\/\/mastertechq.lpl.univ-paris13.fr\/wp-content\/uploads\/2025\/01\/Profil-Anne-Amy-Klein-scaled-e1737103244145-200x300.jpg 200w, https:\/\/mastertechq.lpl.univ-paris13.fr\/wp-content\/uploads\/2025\/01\/Profil-Anne-Amy-Klein-scaled-e1737103244145-682x1024.jpg 682w, https:\/\/mastertechq.lpl.univ-paris13.fr\/wp-content\/uploads\/2025\/01\/Profil-Anne-Amy-Klein-scaled-e1737103244145-768x1152.jpg 768w, https:\/\/mastertechq.lpl.univ-paris13.fr\/wp-content\/uploads\/2025\/01\/Profil-Anne-Amy-Klein-scaled-e1737103244145-1024x1536.jpg 1024w, https:\/\/mastertechq.lpl.univ-paris13.fr\/wp-content\/uploads\/2025\/01\/Profil-Anne-Amy-Klein-scaled-e1737103244145-1365x2048.jpg 1365w\" sizes=\"(max-width: 1706px) 100vw, 1706px\" \/><\/figure>\n\n\n\n<h2 id=\"wp-block-themeisle-blocks-advanced-heading-bbda2e30\" class=\"wp-block-themeisle-blocks-advanced-heading wp-block-themeisle-blocks-advanced-heading-bbda2e30\">Anne Amy-Klein<\/h2>\n\n\n\n<h5 class=\"wp-block-heading has-text-align-center\"><mark style=\"background-color:rgba(0, 0, 0, 0)\" class=\"has-inline-color has-palette-color-3-color\">PROFESSEURE DES UNIVERSIT\u00c9S<\/mark><\/h5>\n\n\n\n<div class=\"wp-block-group is-content-justification-center is-nowrap is-layout-flex wp-container-core-group-is-layout-23441af8 wp-block-group-is-layout-flex\">\n<div class=\"wp-block-outermost-icon-block items-justified-center\"><a class=\"icon-container\" href=\"https:\/\/orcid.org\/0000-0002-5122-7868\" target=\"_blank\" rel=\"noreferrer noopener\" style=\"width:32px;transform:rotate(0deg) scaleX(1) scaleY(1)\"><svg xmlns=\"http:\/\/www.w3.org\/2000\/svg\" width=\"32\" height=\"32\" fill=\"none\"><path fill-rule=\"evenodd\" clip-rule=\"evenodd\" d=\"M32 16c0 8.837-7.163 16-16 16-8.838 0-16-7.163-16-16C0 7.162 7.162 0 16 0c8.837 0 16 7.162 16 16Z\" fill=\"#A6CE39\"><\/path><path fill-rule=\"evenodd\" clip-rule=\"evenodd\" d=\"M18.813 9.637h-5.45v13.9h5.474c4.555 0 7.35-3.378 7.35-6.95 0-1.635-.562-3.372-1.77-4.704-1.215-1.336-3.065-2.246-5.605-2.246ZM18.6 21.3h-2.813v-9.425H18.5c1.823 0 3.12.552 3.96 1.4.842.849 1.252 2.021 1.252 3.312 0 .784-.239 1.967-.993 2.948-.745.969-2.01 1.765-4.119 1.765Zm5.311-4.026c-.251 1.74-1.494 4.276-5.311 4.276h-3.063H18.6c3.817 0 5.06-2.536 5.311-4.276Zm1.812-2.405c-.657-2.601-2.85-4.982-6.91-4.982h-5.2 5.2c4.06 0 6.253 2.38 6.91 4.982Zm.215 1.718ZM8.363 9.675v13.887h2.425V9.675H8.363Zm2.175 13.637H8.612h1.925ZM9.575 8.65c.84 0 1.513-.689 1.513-1.513 0-.823-.673-1.512-1.513-1.512-.838 0-1.512.674-1.512 1.513 0 .823.672 1.512 1.512 1.512Z\" fill=\"#fff\"><\/path><\/svg><\/a><\/div>\n\n\n\n<div class=\"wp-block-outermost-icon-block\"><a class=\"icon-container\" href=\"mailto:amy@univ-paris13.fr\" target=\"_blank\" rel=\"noreferrer noopener\" style=\"width:48px;transform:rotate(0deg) scaleX(1) scaleY(1)\"><svg xmlns=\"http:\/\/www.w3.org\/2000\/svg\" viewBox=\"0 0 24 24\" aria-hidden=\"true\"><path d=\"M20,4H4C2.895,4,2,4.895,2,6v12c0,1.105,0.895,2,2,2h16c1.105,0,2-0.895,2-2V6C22,4.895,21.105,4,20,4z M20,8.236l-8,4.882 L4,8.236V6h16V8.236z\"><\/path><\/svg><\/a><\/div>\n<\/div>\n\n\n\n<p class=\"has-text-align-left\"><strong>Bureau:<\/strong> D015, Campus Villetaneuse<\/p>\n\n\n\n<p class=\"has-text-align-center\">Site <a href=\"https:\/\/www.lpl.univ-paris13.fr\/transfert-de-frequences-par-lien-optique\/\" target=\"_blank\" rel=\"noreferrer noopener\">web<\/a> du groupe de recherche<br>Site <a href=\"https:\/\/www.lpl.univ-paris13.fr\/\" target=\"_blank\" rel=\"noreferrer noopener\">web<\/a> du laboratoire<\/p>\n<\/div>\n<\/div>\n\n\n\n<div id=\"wp-block-themeisle-blocks-advanced-column-abd8dd7d\" class=\"wp-block-themeisle-blocks-advanced-column\">\n<div class=\"wp-block-group is-nowrap is-layout-flex wp-container-core-group-is-layout-6c531013 wp-block-group-is-layout-flex\">\n<hr class=\"wp-block-separator has-alpha-channel-opacity\"\/>\n\n\n\n<div class=\"wp-block-group is-vertical is-layout-flex wp-container-core-group-is-layout-fe9cc265 wp-block-group-is-layout-flex\">\n<h4 class=\"wp-block-heading\"><em>Mon parcours recherche :<\/em><\/h4>\n\n\n\n<p class=\"has-text-align-left\">Je suis professeure de physique au Laboratoire de Physique des Lasers, et directrice de ce laboratoire depuis 2019. J\u2019ai fait une th\u00e8se sur le m\u00e9lange d\u2019onde r\u00e9sonnant dans les milieux atomiques gazeux, puis je suis devenue ma\u00eetresse de conf\u00e9rences et j\u2019ai \u00e9tudi\u00e9 la spectroscopie d\u2019atomes au voisinage de surfaces di\u00e9lectriques. J\u2019ai ensuite rejoint l\u2019\u00e9quipe M\u00e9trologie, Mol\u00e9cules et Tests Fondamentaux du LPL, qui s\u2019int\u00e9resse aux mesures de pr\u00e9cision, en particulier par spectroscopie \u00e0 ultra-haute r\u00e9solution de mol\u00e9cules. Il s\u2019agit de d\u00e9couvrir de nouveaux effets physiques au-del\u00e0 des th\u00e9ories actuelles, en confrontant des mesures ultra-pr\u00e9cises avec les valeurs attendues par les diff\u00e9rents mod\u00e8les physiques existants.<br><br>Actuellement je travaille sur la diss\u00e9mination de signaux ultra-stables de fr\u00e9quence par fibre optique et le d\u00e9veloppement de l\u2019infrastructure nationale de recherche REFIMEVE. Cela permet de tr\u00e8s nombreuses applications, par exemple aux comparaisons d\u2019horloges, aux tests de physique fondamentale ou aux communications quantiques.<\/p>\n\n\n\n<h4 class=\"wp-block-heading\"><em>Les cours enseign\u00e9s :<\/em><\/h4>\n\n\n\n<ul class=\"wp-block-list\">\n<li>Physique Quantique 2&nbsp;: Formalisme de la physique quantique <a href=\"https:\/\/mastertechq.lpl.univ-paris13.fr\/?page_id=596\"><img decoding=\"async\" width=\"25\" height=\"25\" class=\"wp-image-258\" style=\"width: 25px;\" src=\"https:\/\/mastertechq.lpl.univ-paris13.fr\/wp-content\/uploads\/2024\/12\/Arrow-fe2f47.svg\" alt=\"\"><\/a><\/li>\n<\/ul>\n\n\n\n<h4 class=\"wp-block-heading\"><em>Th\u00e9matiques de recherche :<\/em><\/h4>\n\n\n\n<ul class=\"wp-block-list\">\n<li>Spectroscopie mol\u00e9culaire<\/li>\n\n\n\n<li>Diss\u00e9mination de signaux ultrastables de temps et fr\u00e9quence<\/li>\n<\/ul>\n<\/div>\n<\/div>\n<\/div>\n<\/div><\/div>\n\n\n\n<div style=\"height:41px\" aria-hidden=\"true\" class=\"wp-block-spacer\"><\/div>\n\n\n\n<figure class=\"wp-block-image aligncenter size-large is-resized is-style-default\"><img decoding=\"async\" width=\"1024\" height=\"682\" src=\"https:\/\/mastertechq.lpl.univ-paris13.fr\/wp-content\/uploads\/2025\/01\/Illu-Anne-Amy-Klein-1024x682.jpg\" alt=\"\" class=\"wp-image-1489\" style=\"box-shadow:var(--wp--preset--shadow--sharp);width:600px\" srcset=\"https:\/\/mastertechq.lpl.univ-paris13.fr\/wp-content\/uploads\/2025\/01\/Illu-Anne-Amy-Klein-1024x682.jpg 1024w, https:\/\/mastertechq.lpl.univ-paris13.fr\/wp-content\/uploads\/2025\/01\/Illu-Anne-Amy-Klein-300x200.jpg 300w, https:\/\/mastertechq.lpl.univ-paris13.fr\/wp-content\/uploads\/2025\/01\/Illu-Anne-Amy-Klein-768x511.jpg 768w, https:\/\/mastertechq.lpl.univ-paris13.fr\/wp-content\/uploads\/2025\/01\/Illu-Anne-Amy-Klein-1536x1022.jpg 1536w, https:\/\/mastertechq.lpl.univ-paris13.fr\/wp-content\/uploads\/2025\/01\/Illu-Anne-Amy-Klein-2048x1363.jpg 2048w\" sizes=\"(max-width: 1024px) 100vw, 1024px\" \/><figcaption class=\"wp-element-caption\">R\u00e9glage de la position d&rsquo;un cristal dans un dispositif optique de somme de fr\u00e9quences.<\/figcaption><\/figure>\n\n\n\n<h4 class=\"wp-block-heading\">Quelques articles choisis<\/h4>\n\n\n\n<blockquote class=\"wp-block-quote is-layout-flow wp-block-quote-is-layout-flow\">\n<ul class=\"wp-block-list\">\n<li>M. Schioppo, J. Kronj\u00e4ger, A. Silva, R. Ilieva, J. W. Paterson, C. F. A. Baynham, W. Bowden, I. R. Hill, R. Hobson, A. Vianello, M. Dovale-\u00c1lvarez, R. A. Williams, G. Marra, H. S. Margolis, A. Amy-Klein, O. Lopez, E. Cantin, H. \u00c1lvarez-Mart\u00ednez, R. Le Targat, P. E. Pottie, N. Quintin, T. Legero, S. H\u00e4fner, U. Sterr, R. Schwarz, S. D\u00f6rscher, C. Lisdat, S. Koke, A. Kuhl, T. Waterholter, E. Benkler, and G. Grosche, \u00ab<em>Comparison of ultrastable lasers at 7\u00d710<sup>-17<\/sup> fractional frequency instability through a 2,220 km long optical fibre link network<\/em>\u00bb, Nat. Comm. 13, 212 (2022).<br>DOI: <a href=\"http:\/\/doi.org\/10.1038\/s41467-021-27884-3\" target=\"_blank\" rel=\"noreferrer noopener\">10.1038\/s41467-021-27884-3<\/a><\/li>\n\n\n\n<li>E. Cantin, M. T\u00f8nnes, R. Le Targat, A. Amy-Klein, O. Lopez, P.-E. Pottie, \u00ab<em>An accurate and robust metrological network for coherent optical frequency dissemination<\/em>\u00bb, New J. Phys. <strong>23<\/strong>, 053027 (2021).<br>DOI: <a href=\"http:\/\/doi.org\/10.1088\/1367-2630\/abe79e\" target=\"_blank\" rel=\"noreferrer noopener\">10.1088\/1367-2630\/abe79e<\/a><\/li>\n\n\n\n<li>B. Argence, B. Chanteau, O. Lopez, D. Nicolodi, M. Abgrall, C. Chardonnet, C. Daussy, B. Darqui\u00e9, Y. Le Coq and A. Amy-Klein, \u00ab<em>Quantum cascade laser frequency stabilization at the sub-Hz-level<\/em>\u00bb, Nature Photon <strong>9<\/strong>, 456 (2015).<br>DOI: <a href=\"http:\/\/doi.org\/10.1038\/nphoton.2015.93\" target=\"_blank\" rel=\"noreferrer noopener\">10.1038\/nphoton.2015.93<\/a><\/li>\n<\/ul>\n<\/blockquote>\n\n\n\n<div style=\"height:41px\" aria-hidden=\"true\" class=\"wp-block-spacer\"><\/div>\n\n\n<div id=\"wphal-content\"><div id=\"meta\">\n        <div class=\"display\" id=\"wphal-contact\" style=\"display: none\">\n            <h3 class=\"wphal-titre\">Contact<\/h3>\n\n            <ul id=\"wphal-cont\" style=\"list-style-type: none\"><\/ul>\n        <\/div>\n        <div class=\"display\" id=\"wphal-disciplines\" style=\"display: none\">\n            <h3 class=\"wphal-titre\">Disciplines<\/h3><\/div>\n        <div class=\"display\" id=\"wphal-keywords\" style=\"display: none\">\n            <h3 class=\"wphal-titre\">Mots-clefs<\/h3><\/div>\n        <div class=\"display\" id=\"wphal-auteurs\" style=\"display: none\">\n            <h3 class=\"wphal-titre\">Auteurs<\/h3><\/div>\n        <div class=\"display\" id=\"wphal-affiliated\" style=\"display: none\">\n            <h3 class=\"wphal-titre\">Auteurs de la structure<\/h3><\/div>\n        <div class=\"display\" id=\"wphal-revues\" style=\"display: none\">\n            <h3 class=\"wphal-titre\">Revues<\/h3><\/div>\n        <div class=\"display\" id=\"wphal-annees\" style=\"display: none\">\n            <h3 class=\"wphal-titre\">Ann\u00e9e de production<\/h3><\/div>\n        <div class=\"display\" id=\"wphal-insts\" style=\"display: none\">\n            <h3 class=\"wphal-titre\">Institutions<\/h3><\/div>\n       <div class=\"display\" id=\"wphal-labs\" style=\"display: none\">\n            <h3 class=\"wphal-titre\">Laboratoires<\/h3><\/div>\n       <div class=\"display\" id=\"wphal-depts\" style=\"display: none\">\n            <h3 class=\"wphal-titre\">D\u00e9partements<\/h3><\/div>\n       <div class=\"display\" id=\"wphal-equipes\" style=\"display: none\">\n            <h3 class=\"wphal-titre\">\u00c9quipes de recherche<\/h3><\/div>\n    <div class=\"display\" id=\"publications\"><div class=\"counter-doc\"><span class=\"wphal-nbtot\">72 <\/span>documents<\/div><br><ul><li>Neelam Yadav, Philip Tuckey, Michel Abgrall, P.-E Pottie, Etienne Cantin, et al.. Precise Time Calibration and Deployments of White Rabbit Switches for T-Refimeve. <i>Time and Frequency Seminar of Laboratoire Temps-Espace (LTE), 11 DEC 2025, Observatoire de Paris France<\/i>, Dec 2025, Paris, France. <a target=\"_blank\" href=\"https:\/\/hal.science\/hal-05520177v1\">&#x27E8;hal-05520177&#x27E9;<\/a><\/li><li>Neelam Yadav, Philip Tuckey, Michel Abgrall, P.-E Pottie, Etienne Cantin, et al.. Automated Parallel Precise Time Calibration of White Rabbit Switches for T-Refimeve. <i>REFIMEVE General Assembly 2025<\/i>, Dec 2025, Grenoble, France. <a target=\"_blank\" href=\"https:\/\/hal.science\/hal-05501105v1\">&#x27E8;hal-05501105&#x27E9;<\/a><\/li><li>Neelam Yadav, Philip Tuckey, Michel Abgrall, Anne Amy-Klein, Christian Chardonnet, et al.. Automated Simultaneous Precise Time Calibration of White Rabbit Switches for REFIMEVE. <i>First-TF Annual Meeting 2025, Workshop \"Application of Time-Frequency technologies to defence and space\".<\/i>, Oct 2025, Campus Beaulieu - Rennes University, Rennes, France. <a target=\"_blank\" href=\"https:\/\/hal.science\/hal-05500940v1\">&#x27E8;hal-05500940&#x27E9;<\/a><\/li><li>Neelam Yadav, Philip Tuckey, Michel Abgrall, P.-E Pottie, Anne Amy-Klein, et al.. Instrumental Delay Calibration of White Rabbit Switches for Sub-10 ns Timing in the REFIMEVE Network. <i>14 th White Rabbit Workshop<\/i>, Jun 2025, Geneva, Switzerland. <a target=\"_blank\" href=\"https:\/\/hal.science\/hal-05501433v1\">&#x27E8;hal-05501433&#x27E9;<\/a><\/li><li>Thomas Lindvall, Marco Pizzocaro, Rachel Godun, Michel Abgrall, Daisuke Akamatsu, et al.. Coordinated international comparisons between optical clocks connected via fiber and satellite links. <i>Optica<\/i>, 2025, 12 (6), pp.843. <a target=\"_blank\" href=\"https:\/\/dx.doi.org\/10.1364\/OPTICA.561754\">&#x27E8;10.1364\/OPTICA.561754&#x27E9;<\/a>. <a target=\"_blank\" href=\"https:\/\/hal.science\/hal-05157072v1\">&#x27E8;hal-05157072&#x27E9;<\/a><\/li><li>Dang Bao An Tran, Mathieu Manceau, Olivier Lopez, Andrey Goncharov, Anne Amy-Klein, et al.. Extending frequency metrology to increasingly complex molecules: SI-traceable sub-Doppler mid-IR spectroscopy of trioxane. 2025. <a target=\"_blank\" href=\"https:\/\/hal.science\/hal-04939697v1\">&#x27E8;hal-04939697&#x27E9;<\/a><\/li><li>D B A Tran, O. Lopez, M. Manceau, A. Goncharov, M. Abgrall, et al.. Near- to mid-IR spectral purity transfer with a tunable frequency comb: Methanol frequency metrology over a 1.4\u00a0GHz span. <i>APL Photonics<\/i>, 2024, 9 (3), <a target=\"_blank\" href=\"https:\/\/dx.doi.org\/10.1063\/5.0170227\">&#x27E8;10.1063\/5.0170227&#x27E9;<\/a>. <a target=\"_blank\" href=\"https:\/\/hal.science\/hal-04797936v2\">&#x27E8;hal-04797936v2&#x27E9;<\/a><\/li><li>C Clivati, M Pizzocaro, E K Bertacco, S Condio, G A Costanzo, et al.. Coherent Optical-Fiber Link Across Italy and France. <i>Physical Review Applied<\/i>, 2022, <a target=\"_blank\" href=\"https:\/\/dx.doi.org\/10.1103\/PhysRevApplied.18.054009\">&#x27E8;10.1103\/PhysRevApplied.18.054009&#x27E9;<\/a>. <a target=\"_blank\" href=\"https:\/\/hal.science\/hal-03838736v1\">&#x27E8;hal-03838736&#x27E9;<\/a><\/li><li>Mads Bebe Krog T\u00f8nnes, Fr\u00e9d\u00e9ric Schuller, Etienne Cantin, Olivier Lopez, Rodolphe Le Targat, et al.. Coherent fiber links operated for years: effect of missing data. <i>Metrologia<\/i>, 2022, 59, <a target=\"_blank\" href=\"https:\/\/dx.doi.org\/10.1088\/1681-7575\/ac938e\">&#x27E8;10.1088\/1681-7575\/ac938e&#x27E9;<\/a>. <a target=\"_blank\" href=\"https:\/\/hal.science\/hal-03838745v1\">&#x27E8;hal-03838745&#x27E9;<\/a><\/li><li>M. Schioppo, J. Kronj\u00e4ger, A. Silva, R. Ilieva, J. W Paterson, et al.. Comparing ultrastable lasers at 7 \u00d7 10\u221217 fractional frequency instability through a 2220 km optical fibre network. <i>Nature Communications<\/i>, 2022, 13 (1), pp.212. <a target=\"_blank\" href=\"https:\/\/dx.doi.org\/10.1038\/s41467-021-27884-3\">&#x27E8;10.1038\/s41467-021-27884-3&#x27E9;<\/a>. <a target=\"_blank\" href=\"https:\/\/hal.sorbonne-universite.fr\/hal-03528135v1\">&#x27E8;hal-03528135&#x27E9;<\/a><\/li><\/ul><ul class=\"wphal-pagination\"><li class=\"active\"><a href=\"#\">1<\/a><\/li><li><a href=\"https:\/\/mastertechq.lpl.univ-paris13.fr\/index.php?rest_route=\/wp\/v2\/pages\/1486&amp;hal_page=2\">2<\/a><\/li><li><a href=\"https:\/\/mastertechq.lpl.univ-paris13.fr\/index.php?rest_route=\/wp\/v2\/pages\/1486&amp;hal_page=3\">3<\/a><\/li><li><a href=\"https:\/\/mastertechq.lpl.univ-paris13.fr\/index.php?rest_route=\/wp\/v2\/pages\/1486&amp;hal_page=4\">4<\/a><\/li><li class=\"disabled\"><a href=\"#\">&hellip;<\/a><\/li><li><a href=\"https:\/\/mastertechq.lpl.univ-paris13.fr\/index.php?rest_route=\/wp\/v2\/pages\/1486&amp;hal_page=7\">7<\/a><\/li><li><a href=\"https:\/\/mastertechq.lpl.univ-paris13.fr\/index.php?rest_route=\/wp\/v2\/pages\/1486&amp;hal_page=8\">8<\/a><\/li><li><a href=\"https:\/\/mastertechq.lpl.univ-paris13.fr\/index.php?rest_route=\/wp\/v2\/pages\/1486&amp;hal_page=2\">&raquo;<\/a><\/li><\/ul><\/div>\n    <\/div>\n<\/div><div class=\"wphal-footer\"><p style=\"color:#B3B2B0\">Documents r\u00e9cup\u00e9r\u00e9s de l'archive ouverte HAL&nbsp;<a href=\"https:\/\/hal.science\/\" target=\"_blank\"><img decoding=\"async\" alt=\"logo\" src=\"https:\/\/mastertechq.lpl.univ-paris13.fr\/wp-content\/plugins\/hal\/img\/logo-hal.png\" style=\"width:90px\"><\/a><\/p><\/div>\n<\/div>\n<\/div><\/div>\n","protected":false},"excerpt":{"rendered":"","protected":false},"author":2,"featured_media":0,"parent":374,"menu_order":0,"comment_status":"closed","ping_status":"closed","template":"","meta":{"_themeisle_gutenberg_block_has_review":false,"footnotes":""},"class_list":["post-1486","page","type-page","status-publish","hentry"],"blocksy_meta":[],"yoast_head":"<!-- This site is optimized with the Yoast SEO plugin v27.2 - https:\/\/yoast.com\/product\/yoast-seo-wordpress\/ -->\n<title>Anne Amy-Klein - fr - Master TechQ<\/title>\n<meta name=\"robots\" content=\"index, follow, max-snippet:-1, max-image-preview:large, max-video-preview:-1\" \/>\n<link rel=\"canonical\" href=\"https:\/\/mastertechq.lpl.univ-paris13.fr\/?page_id=1486\" \/>\n<meta property=\"og:locale\" content=\"fr_FR\" \/>\n<meta property=\"og:type\" content=\"article\" \/>\n<meta property=\"og:title\" content=\"Anne Amy-Klein - fr - Master TechQ\" \/>\n<meta property=\"og:url\" content=\"https:\/\/mastertechq.lpl.univ-paris13.fr\/?page_id=1486\" \/>\n<meta property=\"og:site_name\" content=\"Master TechQ\" \/>\n<meta property=\"article:modified_time\" content=\"2025-02-04T20:52:28+00:00\" \/>\n<meta property=\"og:image\" content=\"https:\/\/mastertechq.lpl.univ-paris13.fr\/wp-content\/uploads\/2025\/01\/Profil-Anne-Amy-Klein-scaled-e1737103244145.jpg\" \/>\n\t<meta property=\"og:image:width\" content=\"1706\" \/>\n\t<meta property=\"og:image:height\" content=\"2560\" \/>\n\t<meta property=\"og:image:type\" content=\"image\/jpeg\" \/>\n<meta name=\"twitter:card\" content=\"summary_large_image\" \/>\n<meta name=\"twitter:label1\" content=\"Dur\u00e9e de lecture estim\u00e9e\" \/>\n\t<meta name=\"twitter:data1\" content=\"2 minutes\" \/>\n<script type=\"application\/ld+json\" class=\"yoast-schema-graph\">{\"@context\":\"https:\/\/schema.org\",\"@graph\":[{\"@type\":\"WebPage\",\"@id\":\"https:\/\/mastertechq.lpl.univ-paris13.fr\/?page_id=1486\",\"url\":\"https:\/\/mastertechq.lpl.univ-paris13.fr\/?page_id=1486\",\"name\":\"Anne Amy-Klein - fr - Master TechQ\",\"isPartOf\":{\"@id\":\"https:\/\/mastertechq.lpl.univ-paris13.fr\/#website\"},\"primaryImageOfPage\":{\"@id\":\"https:\/\/mastertechq.lpl.univ-paris13.fr\/?page_id=1486#primaryimage\"},\"image\":{\"@id\":\"https:\/\/mastertechq.lpl.univ-paris13.fr\/?page_id=1486#primaryimage\"},\"thumbnailUrl\":\"https:\/\/mastertechq.lpl.univ-paris13.fr\/wp-content\/uploads\/2025\/01\/Profil-Anne-Amy-Klein-scaled-e1737103244145.jpg\",\"datePublished\":\"2025-01-17T08:38:45+00:00\",\"dateModified\":\"2025-02-04T20:52:28+00:00\",\"breadcrumb\":{\"@id\":\"https:\/\/mastertechq.lpl.univ-paris13.fr\/?page_id=1486#breadcrumb\"},\"inLanguage\":\"fr-FR\",\"potentialAction\":[{\"@type\":\"ReadAction\",\"target\":[\"https:\/\/mastertechq.lpl.univ-paris13.fr\/?page_id=1486\"]}]},{\"@type\":\"ImageObject\",\"inLanguage\":\"fr-FR\",\"@id\":\"https:\/\/mastertechq.lpl.univ-paris13.fr\/?page_id=1486#primaryimage\",\"url\":\"https:\/\/mastertechq.lpl.univ-paris13.fr\/wp-content\/uploads\/2025\/01\/Profil-Anne-Amy-Klein-scaled-e1737103244145.jpg\",\"contentUrl\":\"https:\/\/mastertechq.lpl.univ-paris13.fr\/wp-content\/uploads\/2025\/01\/Profil-Anne-Amy-Klein-scaled-e1737103244145.jpg\",\"width\":1706,\"height\":2560},{\"@type\":\"BreadcrumbList\",\"@id\":\"https:\/\/mastertechq.lpl.univ-paris13.fr\/?page_id=1486#breadcrumb\",\"itemListElement\":[{\"@type\":\"ListItem\",\"position\":1,\"name\":\"Home\",\"item\":\"https:\/\/mastertechq.lpl.univ-paris13.fr\/\"},{\"@type\":\"ListItem\",\"position\":2,\"name\":\"\u00c9quipe enseignante\",\"item\":\"https:\/\/mastertechq.lpl.univ-paris13.fr\/?page_id=374\"},{\"@type\":\"ListItem\",\"position\":3,\"name\":\"Anne Amy-Klein &#8211; fr\"}]},{\"@type\":\"WebSite\",\"@id\":\"https:\/\/mastertechq.lpl.univ-paris13.fr\/#website\",\"url\":\"https:\/\/mastertechq.lpl.univ-paris13.fr\/\",\"name\":\"Master TechQ\",\"description\":\"Quantum technologies in motion\",\"publisher\":{\"@id\":\"https:\/\/mastertechq.lpl.univ-paris13.fr\/#organization\"},\"potentialAction\":[{\"@type\":\"SearchAction\",\"target\":{\"@type\":\"EntryPoint\",\"urlTemplate\":\"https:\/\/mastertechq.lpl.univ-paris13.fr\/?s={search_term_string}\"},\"query-input\":{\"@type\":\"PropertyValueSpecification\",\"valueRequired\":true,\"valueName\":\"search_term_string\"}}],\"inLanguage\":\"fr-FR\"},{\"@type\":\"Organization\",\"@id\":\"https:\/\/mastertechq.lpl.univ-paris13.fr\/#organization\",\"name\":\"Master TechQ\",\"alternateName\":\"Master Technologies Quantiques\",\"url\":\"https:\/\/mastertechq.lpl.univ-paris13.fr\/\",\"logo\":{\"@type\":\"ImageObject\",\"inLanguage\":\"fr-FR\",\"@id\":\"https:\/\/mastertechq.lpl.univ-paris13.fr\/#\/schema\/logo\/image\/\",\"url\":\"https:\/\/mastertechq.lpl.univ-paris13.fr\/wp-content\/uploads\/2025\/01\/Logo-MTQ.png\",\"contentUrl\":\"https:\/\/mastertechq.lpl.univ-paris13.fr\/wp-content\/uploads\/2025\/01\/Logo-MTQ.png\",\"width\":500,\"height\":500,\"caption\":\"Master TechQ\"},\"image\":{\"@id\":\"https:\/\/mastertechq.lpl.univ-paris13.fr\/#\/schema\/logo\/image\/\"}}]}<\/script>\n<!-- \/ Yoast SEO plugin. -->","yoast_head_json":{"title":"Anne Amy-Klein - fr - Master TechQ","robots":{"index":"index","follow":"follow","max-snippet":"max-snippet:-1","max-image-preview":"max-image-preview:large","max-video-preview":"max-video-preview:-1"},"canonical":"https:\/\/mastertechq.lpl.univ-paris13.fr\/?page_id=1486","og_locale":"fr_FR","og_type":"article","og_title":"Anne Amy-Klein - fr - Master TechQ","og_url":"https:\/\/mastertechq.lpl.univ-paris13.fr\/?page_id=1486","og_site_name":"Master TechQ","article_modified_time":"2025-02-04T20:52:28+00:00","og_image":[{"width":1706,"height":2560,"url":"https:\/\/mastertechq.lpl.univ-paris13.fr\/wp-content\/uploads\/2025\/01\/Profil-Anne-Amy-Klein-scaled-e1737103244145.jpg","type":"image\/jpeg"}],"twitter_card":"summary_large_image","twitter_misc":{"Dur\u00e9e de lecture estim\u00e9e":"2 minutes"},"schema":{"@context":"https:\/\/schema.org","@graph":[{"@type":"WebPage","@id":"https:\/\/mastertechq.lpl.univ-paris13.fr\/?page_id=1486","url":"https:\/\/mastertechq.lpl.univ-paris13.fr\/?page_id=1486","name":"Anne Amy-Klein - fr - Master TechQ","isPartOf":{"@id":"https:\/\/mastertechq.lpl.univ-paris13.fr\/#website"},"primaryImageOfPage":{"@id":"https:\/\/mastertechq.lpl.univ-paris13.fr\/?page_id=1486#primaryimage"},"image":{"@id":"https:\/\/mastertechq.lpl.univ-paris13.fr\/?page_id=1486#primaryimage"},"thumbnailUrl":"https:\/\/mastertechq.lpl.univ-paris13.fr\/wp-content\/uploads\/2025\/01\/Profil-Anne-Amy-Klein-scaled-e1737103244145.jpg","datePublished":"2025-01-17T08:38:45+00:00","dateModified":"2025-02-04T20:52:28+00:00","breadcrumb":{"@id":"https:\/\/mastertechq.lpl.univ-paris13.fr\/?page_id=1486#breadcrumb"},"inLanguage":"fr-FR","potentialAction":[{"@type":"ReadAction","target":["https:\/\/mastertechq.lpl.univ-paris13.fr\/?page_id=1486"]}]},{"@type":"ImageObject","inLanguage":"fr-FR","@id":"https:\/\/mastertechq.lpl.univ-paris13.fr\/?page_id=1486#primaryimage","url":"https:\/\/mastertechq.lpl.univ-paris13.fr\/wp-content\/uploads\/2025\/01\/Profil-Anne-Amy-Klein-scaled-e1737103244145.jpg","contentUrl":"https:\/\/mastertechq.lpl.univ-paris13.fr\/wp-content\/uploads\/2025\/01\/Profil-Anne-Amy-Klein-scaled-e1737103244145.jpg","width":1706,"height":2560},{"@type":"BreadcrumbList","@id":"https:\/\/mastertechq.lpl.univ-paris13.fr\/?page_id=1486#breadcrumb","itemListElement":[{"@type":"ListItem","position":1,"name":"Home","item":"https:\/\/mastertechq.lpl.univ-paris13.fr\/"},{"@type":"ListItem","position":2,"name":"\u00c9quipe enseignante","item":"https:\/\/mastertechq.lpl.univ-paris13.fr\/?page_id=374"},{"@type":"ListItem","position":3,"name":"Anne Amy-Klein &#8211; fr"}]},{"@type":"WebSite","@id":"https:\/\/mastertechq.lpl.univ-paris13.fr\/#website","url":"https:\/\/mastertechq.lpl.univ-paris13.fr\/","name":"Master TechQ","description":"Quantum technologies in motion","publisher":{"@id":"https:\/\/mastertechq.lpl.univ-paris13.fr\/#organization"},"potentialAction":[{"@type":"SearchAction","target":{"@type":"EntryPoint","urlTemplate":"https:\/\/mastertechq.lpl.univ-paris13.fr\/?s={search_term_string}"},"query-input":{"@type":"PropertyValueSpecification","valueRequired":true,"valueName":"search_term_string"}}],"inLanguage":"fr-FR"},{"@type":"Organization","@id":"https:\/\/mastertechq.lpl.univ-paris13.fr\/#organization","name":"Master TechQ","alternateName":"Master Technologies Quantiques","url":"https:\/\/mastertechq.lpl.univ-paris13.fr\/","logo":{"@type":"ImageObject","inLanguage":"fr-FR","@id":"https:\/\/mastertechq.lpl.univ-paris13.fr\/#\/schema\/logo\/image\/","url":"https:\/\/mastertechq.lpl.univ-paris13.fr\/wp-content\/uploads\/2025\/01\/Logo-MTQ.png","contentUrl":"https:\/\/mastertechq.lpl.univ-paris13.fr\/wp-content\/uploads\/2025\/01\/Logo-MTQ.png","width":500,"height":500,"caption":"Master TechQ"},"image":{"@id":"https:\/\/mastertechq.lpl.univ-paris13.fr\/#\/schema\/logo\/image\/"}}]}},"jetpack_sharing_enabled":true,"_links":{"self":[{"href":"https:\/\/mastertechq.lpl.univ-paris13.fr\/index.php?rest_route=\/wp\/v2\/pages\/1486","targetHints":{"allow":["GET"]}}],"collection":[{"href":"https:\/\/mastertechq.lpl.univ-paris13.fr\/index.php?rest_route=\/wp\/v2\/pages"}],"about":[{"href":"https:\/\/mastertechq.lpl.univ-paris13.fr\/index.php?rest_route=\/wp\/v2\/types\/page"}],"author":[{"embeddable":true,"href":"https:\/\/mastertechq.lpl.univ-paris13.fr\/index.php?rest_route=\/wp\/v2\/users\/2"}],"replies":[{"embeddable":true,"href":"https:\/\/mastertechq.lpl.univ-paris13.fr\/index.php?rest_route=%2Fwp%2Fv2%2Fcomments&post=1486"}],"version-history":[{"count":20,"href":"https:\/\/mastertechq.lpl.univ-paris13.fr\/index.php?rest_route=\/wp\/v2\/pages\/1486\/revisions"}],"predecessor-version":[{"id":2001,"href":"https:\/\/mastertechq.lpl.univ-paris13.fr\/index.php?rest_route=\/wp\/v2\/pages\/1486\/revisions\/2001"}],"up":[{"embeddable":true,"href":"https:\/\/mastertechq.lpl.univ-paris13.fr\/index.php?rest_route=\/wp\/v2\/pages\/374"}],"wp:attachment":[{"href":"https:\/\/mastertechq.lpl.univ-paris13.fr\/index.php?rest_route=%2Fwp%2Fv2%2Fmedia&parent=1486"}],"curies":[{"name":"wp","href":"https:\/\/api.w.org\/{rel}","templated":true}]}}